{"id":17,"date":"2014-07-20T17:41:28","date_gmt":"2014-07-20T15:41:28","guid":{"rendered":"http:\/\/www.lecristal.com\/testwp\/?page_id=17"},"modified":"2024-05-13T23:13:10","modified_gmt":"2024-05-13T21:13:10","slug":"le-genepi","status":"publish","type":"page","link":"http:\/\/www.lecristal.com\/?page_id=17","title":{"rendered":"Le GENEPI   &#8211; 3 apartements"},"content":{"rendered":"\n<h2 class=\"wp-block-heading\"><strong><\/strong><\/h2>\n\n\n<div class=\"lgn_scs\"><\/strong><strong>CHOISISSEZ VOTRE SEMAINE, EN CLIQUANT SUR UN&nbsp;CHALET CI-DESSOUS<\/strong><strong>.<\/strong>\u261f<strong><\/div>\n\n\n<div class=\"wp-block-image\">\n<figure class=\"alignleft\"><a href=\"http:\/\/www.lecristal.com\/?page_id=70\"><img decoding=\"async\" width=\"300\" height=\"127\" src=\"http:\/\/www.lecristal.com\/wp-content\/uploads\/2014\/10\/chalet-8-pers-300x127.jpg\" alt=\"chalet 8 pers\" class=\"wp-image-553\" srcset=\"http:\/\/www.lecristal.com\/wp-content\/uploads\/2014\/10\/chalet-8-pers-300x127.jpg 300w, http:\/\/www.lecristal.com\/wp-content\/uploads\/2014\/10\/chalet-8-pers.jpg 509w\" sizes=\"(max-width: 300px) 100vw, 300px\" \/><\/a><\/figure>\n<\/div>\n\n<div class=\"wp-block-image\">\n<figure class=\"alignleft\"><a href=\"http:\/\/www.lecristal.com\/?page_id=73\"><img decoding=\"async\" width=\"300\" height=\"127\" src=\"http:\/\/www.lecristal.com\/wp-content\/uploads\/2014\/10\/chalet-8-pers-300x127.jpg\" alt=\"chalet 8 pers\" class=\"wp-image-553\" srcset=\"http:\/\/www.lecristal.com\/wp-content\/uploads\/2014\/10\/chalet-8-pers-300x127.jpg 300w, http:\/\/www.lecristal.com\/wp-content\/uploads\/2014\/10\/chalet-8-pers.jpg 509w\" sizes=\"(max-width: 300px) 100vw, 300px\" \/><\/a><\/figure>\n<\/div>\n\n<div class=\"wp-block-image\">\n<figure class=\"alignleft\"><a href=\"http:\/\/www.lecristal.com\/?page_id=75\"><img decoding=\"async\" width=\"300\" height=\"127\" src=\"http:\/\/www.lecristal.com\/wp-content\/uploads\/2014\/10\/chalet-4-pers-300x127.jpg\" alt=\"chalet 4 pers\" class=\"wp-image-554\" srcset=\"http:\/\/www.lecristal.com\/wp-content\/uploads\/2014\/10\/chalet-4-pers-300x127.jpg 300w, http:\/\/www.lecristal.com\/wp-content\/uploads\/2014\/10\/chalet-4-pers.jpg 509w\" sizes=\"(max-width: 300px) 100vw, 300px\" \/><\/a><\/figure>\n<\/div>\n\n\n<p><span style=\"color: #993300;\">Ce chalet plus typique en pierres, comprend 3 appartements de 8 et 4 personnes.<\/span><\/p>\n\n\n\n<p><span style=\"color: #993300;\">Il&nbsp;se situe dans l\u2019agr\u00e9able petit village du &nbsp;Levassaix, \u00e0 &nbsp;800 m &nbsp;du centre des M\u00e9nuires (avec ses nombreux magasins, restaurants, bars,&nbsp;<\/span><span style=\"text-decoration: underline;\"><span style=\"color: #0000ff; text-decoration: underline;\"><a style=\"color: #0000ff; text-decoration: underline;\" href=\"http:\/\/lesmenuires.com\/hiver\/activites\/centre-sportif-les-menuires\/\" target=\"_blank\" rel=\"noopener\">centre sportif<\/a><\/span><\/span><span style=\"color: #993300;\"><span style=\"text-decoration: underline;\"><span style=\"color: #0000ff; text-decoration: underline;\">,<\/span><\/span> sa patinoire, etc) .<\/span><\/p>\n\n\n\n<figure class=\"wp-block-image\"><a href=\"http:\/\/www.lecristal.com\/wp-content\/uploads\/2014\/07\/i174.jpg\"><img fetchpriority=\"high\" decoding=\"async\" width=\"300\" height=\"189\" src=\"http:\/\/www.lecristal.com\/wp-content\/uploads\/2014\/07\/i174-300x189.jpg\" alt=\"i174\" class=\"wp-image-91\" srcset=\"http:\/\/www.lecristal.com\/wp-content\/uploads\/2014\/07\/i174-300x189.jpg 300w, http:\/\/www.lecristal.com\/wp-content\/uploads\/2014\/07\/i174-332x209.jpg 332w, http:\/\/www.lecristal.com\/wp-content\/uploads\/2014\/07\/i174.jpg 500w\" sizes=\"(max-width: 300px) 100vw, 300px\" \/><\/a><\/figure>\n\n\n\n<p><span style=\"color: #993300;\">Il b\u00e9n\u00e9ficie&nbsp;de nombreuses baies vitr\u00e9es, et offre un spectacle magnifique sur le massif de la Masse et de Val Thorens. &nbsp;<\/span><\/p>\n\n\n\n<p><span style=\"color: #993300;\">&nbsp;<strong>-20 %<\/strong> sur la location du mat\u00e9riel &nbsp;( voir lien de notre partenaire &nbsp;ski top &nbsp;)<\/span><\/p>\n\n\n\n<p><strong><span style=\"color: #993300;\">\u00ab\u00a0Possibilit\u00e9 de louer le chalet complet &nbsp;ou 2 appartements.les appartements 8 personnes sont \u00e9quip\u00e9s pour recevoir 12 personnes \u00e0 table\u00a0\u00bb<\/span><\/strong><\/p>\n\n\n\n<p><span style=\"color: #993300;\">Matelas orthop\u00e9dique &nbsp;bio &nbsp;(dans tout le chalet).<\/span><\/p>\n\n\n\n<p><strong><span style=\"color: #993300;\">service de navettes gratuite &nbsp;: &nbsp;arr\u00eat \u00e0 &nbsp; 250 m toute les &nbsp;20 mn.<\/span><\/strong><\/p>\n\n\n\n<p><em><span style=\"\"><font color=\"#993300\">taxes <\/font><\/span><span style=\"color: #993300;\">s\u00e9jour + annexes &nbsp;: &nbsp;20 \u20ac \/ adulte + de &nbsp;18 ans\/semaine<\/span><\/em><\/p>\n\n\n\n<p><em><span style=\"\"><font color=\"#993300\">location de draps : \u00a015 \u20ac par personne\/semaine<\/font><\/span><\/em><\/p>\n\n\n\n<p><em><span style=\"\"><font color=\"#993300\">Serviettes 7\u20ac<em><span style=\"\"><font color=\"#993300\">\/semaine<\/font><\/span><\/em><\/font><\/span><\/em><\/p>\n\n\n\n<p><em><span style=\"\"><font color=\"#993300\">Lit de b\u00e9b\u00e9: &nbsp;30 \u20ac<em><span style=\"\"><font color=\"#993300\">\/semaine<\/font><\/span><\/em><\/font><\/span><\/em><\/p>\n\n\n\n<p><em><span style=\"\"><font color=\"#993300\">Chaise haute 20\u20ac<em><span style=\"\"><font color=\"#993300\">\/semaine<\/font><\/span><\/em><\/font><\/span><\/em><em style=\"font-size: revert; color: initial;\"><font color=\"#993300\">Animaux <\/font><span style=\"color: #993300;\">accept\u00e9s 20\u20ac\/animal<\/span><font color=\"#993300\">\/semaine<\/font><\/em><\/p>\n\n\n\n<p><span style=\"color: #993300;\">wifi &nbsp; : GRATUIT<\/span><\/p>\n\n\n\n<p><span style=\"color: #993300;\">possibilit\u00e9 d&#8217;emprunter &nbsp;: &nbsp;appareil &nbsp;raclette et fondue ( sur &nbsp;r\u00e9servation).<\/span><\/p>\n\n\n\n<p><span style=\"color: #993300;\">parking priv\u00e9 , &nbsp;gratuit, d\u00e9neig\u00e9 &nbsp;devant le chalet.<\/span><\/p>\n\n\n\n<p><span style=\"color: #993300;\">&nbsp;<em>le jour de votre arriv\u00e9e vous pouvez d\u00e9guster &nbsp;le &nbsp;\u00a0\u00bb genepi\u00a0\u00bb.<\/em><\/span><\/p>\n\n\n\n<p><strong>&nbsp;<div class=\"lgn_err\">Possibilit\u00e9 &nbsp;Week end &nbsp;, &nbsp;mariage, seminaire &#8230;. Nous contacter<\/div><\/strong><\/p>\n\n\n\n<p><span style=\"color: #ff0000;\">&nbsp;<\/span><\/p>\n","protected":false},"excerpt":{"rendered":"<p>Ce chalet plus typique en pierres, comprend 3 appartements de 8 et 4 personnes. Il&nbsp;se situe dans l\u2019agr\u00e9able petit village du &nbsp;Levassaix, \u00e0 &nbsp;800 m &nbsp;du centre des M\u00e9nuires (avec ses nombreux magasins, restaurants, bars,&nbsp;centre sportif, sa patinoire, etc) . Il b\u00e9n\u00e9ficie&nbsp;de nombreuses baies vitr\u00e9es, et offre un spectacle magnifique sur le massif de la<br \/><a class=\"moretag\" href=\"http:\/\/www.lecristal.com\/?page_id=17\">+ Lire la suite<\/a><\/p>\n","protected":false},"author":1,"featured_media":0,"parent":0,"menu_order":1,"comment_status":"closed","ping_status":"closed","template":"","meta":{"ngg_post_thumbnail":0,"footnotes":""},"class_list":["post-17","page","type-page","status-publish","hentry"],"_links":{"self":[{"href":"http:\/\/www.lecristal.com\/index.php?rest_route=\/wp\/v2\/pages\/17","targetHints":{"allow":["GET"]}}],"collection":[{"href":"http:\/\/www.lecristal.com\/index.php?rest_route=\/wp\/v2\/pages"}],"about":[{"href":"http:\/\/www.lecristal.com\/index.php?rest_route=\/wp\/v2\/types\/page"}],"author":[{"embeddable":true,"href":"http:\/\/www.lecristal.com\/index.php?rest_route=\/wp\/v2\/users\/1"}],"replies":[{"embeddable":true,"href":"http:\/\/www.lecristal.com\/index.php?rest_route=%2Fwp%2Fv2%2Fcomments&post=17"}],"version-history":[{"count":35,"href":"http:\/\/www.lecristal.com\/index.php?rest_route=\/wp\/v2\/pages\/17\/revisions"}],"predecessor-version":[{"id":1085,"href":"http:\/\/www.lecristal.com\/index.php?rest_route=\/wp\/v2\/pages\/17\/revisions\/1085"}],"wp:attachment":[{"href":"http:\/\/www.lecristal.com\/index.php?rest_route=%2Fwp%2Fv2%2Fmedia&parent=17"}],"curies":[{"name":"wp","href":"https:\/\/api.w.org\/{rel}","templated":true}]}}