{"id":2,"date":"2014-07-20T11:43:58","date_gmt":"2014-07-20T10:43:58","guid":{"rendered":"http:\/\/www.lecristal.com\/testwp\/?page_id=2"},"modified":"2015-08-02T09:03:37","modified_gmt":"2015-08-02T07:03:37","slug":"page-d-exemple","status":"publish","type":"page","link":"http:\/\/www.lecristal.com\/?page_id=2","title":{"rendered":"Les M\u00e9nuires &#8211; 3 vall\u00e9es"},"content":{"rendered":"<p><div class=\"lgn_info\">PLAN DES PISTES<\/div><br \/>\n<script src=\"http:\/\/zoom.it\/sbAK.js?width=auto&amp;height=400px\" type=\"text\/javascript\"><\/script><\/p>\n<p><span style=\"color: #993300;\">Les M\u00e9nuires est une station situ\u00e9e dans la vall\u00e9e des Belleville \u00e0 1.800 m\u00e8tres d\u02bcaltitude sur le territoire communal de Saint-Martin-de-Belleville. Elle tire son nom des mines de charbon exploit\u00e9es autrefois par les habitants du village voisin du Bettex. Les b\u00e2timents datant de la cr\u00e9ation de la station adopte un style r\u00e9solument urbain et massif mais depuis quelques ann\u00e9es, le style savoyard reprend le relais de l\u02bcarchitecture citadine d\u02bcorigine.<\/span><\/p>\n<p><span style=\"color: #993300;\">La cr\u00e9ation de la station remonte \u00e0 1966, mais un premier t\u00e9l\u00e9ski \u00e9tait d\u00e9j\u00e0 en service d\u00e8s 1963. Les premiers t\u00e9l\u00e9si\u00e8ges apparaissent alors puis, l\u02bcann\u00e9e suivante, les c\u00e9l\u00e8bres t\u00e9l\u00e9cabines de la Masse 1 et 2, qui compt\u00e8rent parmi les premiers exemplaires des t\u00e9l\u00e9cabines automatiques construites par Poma (les c\u00e9l\u00e8bres \u0153ufs). En 1992, la station fut un site olympique des JO d\u02bcAlbertville. Avec Val Thorens, elle accueillit les \u00e9preuves du slalom sp\u00e9cial messieurs.<\/span><\/p>\n<p><span style=\"color: #993300;\">Le domaine des Menuires int\u00e8gre \u00e9galement Saint Martin de Belleville<span style=\"text-decoration: underline;\">\u00a0<\/span>et \u00e9volue de 1.450 \u00e0 2.850 m\u00e8tres d\u02bcaltitude. Il propose 160 kilom\u00e8tres de pistes desservies par 160 remont\u00e9es m\u00e9caniques.<\/span><\/p>\n<p>&nbsp;<\/p>\n<p><div class=\"lgn_info\">WEBCAM<\/div><br \/>\n<iframe src=\"http:\/\/broadcast.viewsurf.com\/d501ae6afa89f7d895c225c00adc2a4b\/capture\/11370\/playEmbed\" width=\"1368\" height=\"768\" frameborder=\"0\" marginwidth=\"0\" marginheight=\"0\" scrolling=\"no\"><\/iframe><\/p>\n","protected":false},"excerpt":{"rendered":"<p>Les M\u00e9nuires est une station situ\u00e9e dans la vall\u00e9e des Belleville \u00e0 1.800 m\u00e8tres d\u02bcaltitude sur le territoire communal de Saint-Martin-de-Belleville. Elle tire son nom des mines de charbon exploit\u00e9es autrefois par les habitants du village voisin du Bettex. Les b\u00e2timents datant de la cr\u00e9ation de la station adopte un style r\u00e9solument urbain et massif<br \/><a class=\"moretag\" href=\"http:\/\/www.lecristal.com\/?page_id=2\">+ Lire la suite<\/a><\/p>\n","protected":false},"author":1,"featured_media":0,"parent":0,"menu_order":2,"comment_status":"closed","ping_status":"closed","template":"","meta":{"ngg_post_thumbnail":0,"footnotes":""},"class_list":["post-2","page","type-page","status-publish","hentry"],"_links":{"self":[{"href":"http:\/\/www.lecristal.com\/index.php?rest_route=\/wp\/v2\/pages\/2","targetHints":{"allow":["GET"]}}],"collection":[{"href":"http:\/\/www.lecristal.com\/index.php?rest_route=\/wp\/v2\/pages"}],"about":[{"href":"http:\/\/www.lecristal.com\/index.php?rest_route=\/wp\/v2\/types\/page"}],"author":[{"embeddable":true,"href":"http:\/\/www.lecristal.com\/index.php?rest_route=\/wp\/v2\/users\/1"}],"replies":[{"embeddable":true,"href":"http:\/\/www.lecristal.com\/index.php?rest_route=%2Fwp%2Fv2%2Fcomments&post=2"}],"version-history":[{"count":8,"href":"http:\/\/www.lecristal.com\/index.php?rest_route=\/wp\/v2\/pages\/2\/revisions"}],"predecessor-version":[{"id":930,"href":"http:\/\/www.lecristal.com\/index.php?rest_route=\/wp\/v2\/pages\/2\/revisions\/930"}],"wp:attachment":[{"href":"http:\/\/www.lecristal.com\/index.php?rest_route=%2Fwp%2Fv2%2Fmedia&parent=2"}],"curies":[{"name":"wp","href":"https:\/\/api.w.org\/{rel}","templated":true}]}}